{"id":348,"date":"2025-06-12T14:37:51","date_gmt":"2025-06-12T14:37:51","guid":{"rendered":"https:\/\/www.ccj.ufpb.br\/santarita\/?page_id=348"},"modified":"2025-06-12T14:37:51","modified_gmt":"2025-06-12T14:37:51","slug":"colacao-de-grau-individual","status":"publish","type":"page","link":"https:\/\/www.ccj.ufpb.br\/santarita\/colacao-de-grau-individual\/","title":{"rendered":"Cola\u00e7\u00e3o de Grau Individual"},"content":{"rendered":"\n<p>A cola\u00e7\u00e3o de grau individual, ou em separado, \u00e9 uma medida que permite conceder grau a estudantes em per\u00edodos fora daqueles especificados no calend\u00e1rio acad\u00eamico.<\/p>\n\n\n\n<p>Este procedimento n\u00e3o se destina \u00e0 acelera\u00e7\u00e3o ou abrevia\u00e7\u00e3o do curso.<\/p>\n\n\n\n<p>A abrevia\u00e7\u00e3o de curso comprime dois semestres no P9, ou tr\u00eas semestres no P10. Esta \u00e9 uma medida excepcional, que depende do preenchimento de condi\u00e7\u00f5es excepcionais.<\/p>\n\n\n\n<p>A cola\u00e7\u00e3o de grau antecipada evita que voc\u00ea espere a data cerim\u00f4nia. Na pr\u00e1tica, antecipa sua cola\u00e7\u00e3o e seu diploma em um, dois ou tr\u00eas meses.<\/p>\n\n\n\n<p>Essa antecipa\u00e7\u00e3o \u00e9 \u00fatil, tamb\u00e9m, em situa\u00e7\u00f5es como impossibilidade de comparecimento \u00e0 cola\u00e7\u00e3o de grau coletiva, pend\u00eancia no Enade regularizada extemporaneamente ou integraliza\u00e7\u00e3o tardia dos componentes curriculares flex\u00edveis. Isso \u00e9, sempre quando n\u00e3o for poss\u00edvel participar da cerim\u00f4nia coletiva.<\/p>\n\n\n\n<p>O estudante precisa cumprir as mesmas exig\u00eancias relativas \u00e0 cola\u00e7\u00e3o de grau coletiva, e sua possibilidade \u00e9 trazida na Res. 29\/2020\/CONSEPE, em seu artigo 215.<\/p>\n\n\n\n<p>A Instru\u00e7\u00e3o Normativa, da qual um trecho \u00e9 abaixo transcrito, traz informa\u00e7\u00f5es precisas em rela\u00e7\u00e3o ao requerimento e aos procedimentos necess\u00e1rios.<\/p>\n\n\n\n<p>Um modelo de requerimento pode ser baixado&nbsp;<a href=\"https:\/\/docs.google.com\/document\/d\/1MAOg8pNjcNnMa3IelfftdiA7VDcN94DBjy3gvELaVqQ\/edit?usp=share_link\" target=\"_blank\" rel=\"noreferrer noopener\">aqui<\/a>.<\/p>\n\n\n\n<p>Instru\u00e7\u00f5es para solicita\u00e7\u00f5es \u00e0 coordena\u00e7\u00e3o est\u00e3o dispon\u00edveis&nbsp;<a href=\"https:\/\/coda.io\/d\/_dMsBYT0Rs9H\/Como-realizar-solicitacao-a-Coordenacao-de-Curso_suEC0\" target=\"_blank\" rel=\"noreferrer noopener\">aqui<\/a>.<\/p>\n\n\n\n<hr class=\"wp-block-separator has-alpha-channel-opacity\" \/>\n\n\n\n<p><strong>Instru\u00e7\u00e3o Normativa n\u00ba 01\/2023\/PRG\/UFPB<\/strong><\/p>\n\n\n\n<p><strong>Da cola\u00e7\u00e3o de grau individual<\/strong><\/p>\n\n\n\n<p>Art. 13. A\/O discente poder\u00e1 solicitar autoriza\u00e7\u00e3o para colar grau em sess\u00e3o individual quando satisfeito um dos seguintes fatos:<\/p>\n\n\n\n<p>I &#8211; Aprova\u00e7\u00e3o comprovada em concurso p\u00fablico; ou<\/p>\n\n\n\n<p>II &#8211; Aprova\u00e7\u00e3o em processo de sele\u00e7\u00e3o de p\u00f3s-gradua\u00e7\u00e3o; ou<\/p>\n\n\n\n<p>III &#8211; Outra situa\u00e7\u00e3o espec\u00edfica e comprovada que exija o diploma de gradua\u00e7\u00e3o (ex.: contrata\u00e7\u00e3o por alguma empresa).<\/p>\n\n\n\n<p>Art. 14. As solicita\u00e7\u00f5es de cola\u00e7\u00f5es de grau individual devem ser propostas pelo\/a discente\/a (requerente)&nbsp;\u00e0 Coordena\u00e7\u00e3o de Curso, devendo constar a seguinte documenta\u00e7\u00e3o na solicita\u00e7\u00e3o:<\/p>\n\n\n\n<p>I &#8211; Requerimento (assinado e datado), contendo justificativa; e<\/p>\n\n\n\n<p>II &#8211; Documento comprobat\u00f3rio da justificativa alegada para a cola\u00e7\u00e3o de grau individual.<\/p>\n\n\n\n<p>III &#8211; Documenta\u00e7\u00e3o oficial de identifica\u00e7\u00e3o civil com foto (Ex. RG, CNH, Passaporte etc.) do\/a&nbsp;discente;<\/p>\n\n\n\n<p>IV &#8211; Certid\u00e3o de Nascimento ou de Casamento do\/a discente;<\/p>\n\n\n\n<p>V &#8211; T\u00edtulo de Eleitor do\/a discente;<\/p>\n\n\n\n<p>VI &#8211; Certid\u00e3o de Quita\u00e7\u00e3o Eleitoral do\/a discente;<\/p>\n\n\n\n<p>VII &#8211; Prova de Conclus\u00e3o do Ensino M\u00e9dio (Certificado de Conclus\u00e3o de Ensino M\u00e9dio) do\/a discente; e<\/p>\n\n\n\n<p>VIII &#8211; Ato de naturaliza\u00e7\u00e3o do\/a discente, publicado no Di\u00e1rio Oficial da Uni\u00e3o (exclusivamente para estrangeiros naturalizados no Brasil).<\/p>\n\n\n\n<p>IX &#8211; c\u00f3pia de certificado de reservista ou de dispensa do servi\u00e7o militar para discentes do sexo masculino. (reda\u00e7\u00e3o dada pelo Aviso de Retifica\u00e7\u00e3o no 04\/2023 PRG)<\/p>\n\n\n\n<p>Art. 15. Recebida a solicita\u00e7\u00e3o de cola\u00e7\u00e3o de grau individual do\/a discente, a Coordena\u00e7\u00e3o de Curso dever\u00e1 protocolar processo eletr\u00f4nico no SIPAC e encaminh\u00e1-lo \u00e0 aprecia\u00e7\u00e3o da Pr\u00f3-Reitoria de Gradua\u00e7\u00e3o, devendo remet\u00ea-lo \u00e0 Secretaria Executiva da Pr\u00f3-Reitoria de Gradua\u00e7\u00e3o (11.01.10.18),&nbsp;contendo tanto a documenta\u00e7\u00e3o pessoal dos discentes listadas no Art. 9\u00ba, como a documenta\u00e7\u00e3o abaixo:<\/p>\n\n\n\n<p>I &#8211; Requerimento do\/a discente\/a concluinte (assinado e datado), contendo justificativa;<\/p>\n\n\n\n<p>II &#8211; Documento comprobat\u00f3rio da justificativa alegada para a cola\u00e7\u00e3o em separado;<\/p>\n\n\n\n<p>III &#8211; Hist\u00f3rico escolar integralizado, contendo o devido registro do componente curricular obrigat\u00f3rio&nbsp;ENADE (Exame Nacional de Desempenho dos Estudantes), conforme legisla\u00e7\u00e3o vigente e instru\u00e7\u00f5es estabelecidas pela Coordena\u00e7\u00e3o de Regula\u00e7\u00e3o e Avalia\u00e7\u00e3o (CRA) desta Pr\u00f3-Reitoria;<\/p>\n\n\n\n<p>IV &#8211; Declara\u00e7\u00e3o de \u201cnada consta\u201d da Biblioteca;<\/p>\n\n\n\n<p>V &#8211; Parecer favor\u00e1vel, assinado pelo\/a coordenador(a) de curso, sobre a solicita\u00e7\u00e3o de cola\u00e7\u00e3o de grau individual requerida;<\/p>\n\n\n\n<p>Par\u00e1grafo \u00danico. Para que o processo seja analisado, \u00e9 indispens\u00e1vel que o\/a coordenador(a) de curso emita parecer explicitando ser contra ou a favor da realiza\u00e7\u00e3o de sess\u00e3o individual de cola\u00e7\u00e3o de grau&nbsp;do\/a requerente com as justificativas cab\u00edveis.<\/p>\n\n\n\n<p>Art. 16. Ap\u00f3s autoriza\u00e7\u00e3o da cola\u00e7\u00e3o de grau individual, o processo ser\u00e1 encaminhado para a Dire\u00e7\u00e3o de&nbsp;Centro para as provid\u00eancias cab\u00edveis relativas \u00e0 organiza\u00e7\u00e3o do cerimonial.<\/p>\n\n\n\n<p>Paragr\u00e1fo \u00danico. As sess\u00f5es individuais de cola\u00e7\u00e3o de grau ser\u00e3o realizadas no Gabinete do Reitor ou da&nbsp;Pr\u00f3-Reitora de Gradua\u00e7\u00e3o ou na Dire\u00e7\u00e3o de Centro, conforme modelo de cerimonial definido em norma espec\u00edfica.<\/p>\n\n\n\n<p>Art. 17. As cerim\u00f4nias de cola\u00e7\u00e3o de grau em sess\u00e3o individual ser\u00e3o realizadas de forma presencial e&nbsp;para aqueles que n\u00e3o puderem comparecer \u00e0 solenidade ser\u00e1 permitida a representa\u00e7\u00e3o por procurador&nbsp;devidamente constitu\u00eddo para esse fim, devendo apresentar a procura\u00e7\u00e3o com documento oficial de foto e a mesma deve ser anexada a ata de cola\u00e7\u00e3o de grau com as devidas assinaturas;<\/p>\n\n\n\n<p>\u00a71\u00ba Ao servidor p\u00fablico \u00e9 proibido atuar como procurador, conforme previs\u00e3o do Art. 117, XI, da Lei no&nbsp;8.112\/1990.<\/p>\n\n\n\n<p>\u00a72\u00ba \u00c9 terminantemente proibida a realiza\u00e7\u00e3o de cerim\u00f4nia de cola\u00e7\u00e3o de grau em sess\u00e3o individual sem a&nbsp;autoriza\u00e7\u00e3o pr\u00e9via desta Pr\u00f3-Reitoria de Gradua\u00e7\u00e3o, devidamente atestada nos autos do processo.<\/p>\n\n\n\n<p>Art. 18. As sess\u00f5es individuais dever\u00e3o ser realizadas em at\u00e9 10 (dez) dias, a partir da data de solicita\u00e7\u00e3o.<\/p>\n\n\n\n<p>\u00a71\u00ba Pedidos protocolados \u00e0 unidade diversa da estabelecida no Art. 8\u00ba, bem como com erros na documenta\u00e7\u00e3o, ser\u00e3o devolvidos \u00e0 origem e, com isso, novo prazo ser\u00e1 contado a partir do novo recebimento.<\/p>\n\n\n\n<p>\u00a72\u00ba O estudante que recebeu a outorga do grau em solenidade individual n\u00e3o pode receb\u00ea-la novamente em sess\u00e3o coletiva, embora possa participar da solenidade da turma do seu per\u00edodo letivo como convidado, caso comunique este desejo em tempo h\u00e1bil.<\/p>\n\n\n\n<p>Art. 19. O ato de concess\u00e3o do grau em sess\u00e3o individual deve seguir todos os ritos da sess\u00e3o coletiva e deve ser formalizado em ata, com coleta da assinatura do\/a diplomado\/a e de todos os presentes naquela sess\u00e3o.<\/p>\n\n\n\n<p>Par\u00e1grafo \u00danico. A referida ata dever\u00e1 ser elaborada por meio do Sistema Integrado de Patrim\u00f4nio,&nbsp;Administra\u00e7\u00e3o e Contratos (SIPAC), contendo as assinaturas eletr\u00f4nicas de todos os servidores presentes na solenidade de cola\u00e7\u00e3o de grau, sobretudo do\/a secret\u00e1rio\/a e da autoridade que conferiu a outorga do grau.<\/p>\n","protected":false},"excerpt":{"rendered":"<p>A cola\u00e7\u00e3o de grau individual, ou em separado, \u00e9 uma medida que permite conceder grau [&hellip;]<\/p>\n","protected":false},"author":54,"featured_media":0,"parent":0,"menu_order":0,"comment_status":"closed","ping_status":"closed","template":"","meta":{"footnotes":""},"class_list":["post-348","page","type-page","status-publish","hentry"],"_links":{"self":[{"href":"https:\/\/www.ccj.ufpb.br\/santarita\/wp-json\/wp\/v2\/pages\/348","targetHints":{"allow":["GET"]}}],"collection":[{"href":"https:\/\/www.ccj.ufpb.br\/santarita\/wp-json\/wp\/v2\/pages"}],"about":[{"href":"https:\/\/www.ccj.ufpb.br\/santarita\/wp-json\/wp\/v2\/types\/page"}],"author":[{"embeddable":true,"href":"https:\/\/www.ccj.ufpb.br\/santarita\/wp-json\/wp\/v2\/users\/54"}],"replies":[{"embeddable":true,"href":"https:\/\/www.ccj.ufpb.br\/santarita\/wp-json\/wp\/v2\/comments?post=348"}],"version-history":[{"count":1,"href":"https:\/\/www.ccj.ufpb.br\/santarita\/wp-json\/wp\/v2\/pages\/348\/revisions"}],"predecessor-version":[{"id":349,"href":"https:\/\/www.ccj.ufpb.br\/santarita\/wp-json\/wp\/v2\/pages\/348\/revisions\/349"}],"wp:attachment":[{"href":"https:\/\/www.ccj.ufpb.br\/santarita\/wp-json\/wp\/v2\/media?parent=348"}],"curies":[{"name":"wp","href":"https:\/\/api.w.org\/{rel}","templated":true}]}}