{"id":344,"date":"2025-06-12T14:35:26","date_gmt":"2025-06-12T14:35:26","guid":{"rendered":"https:\/\/www.ccj.ufpb.br\/santarita\/?page_id=344"},"modified":"2025-06-12T14:35:26","modified_gmt":"2025-06-12T14:35:26","slug":"colacao-de-grau-antecipada","status":"publish","type":"page","link":"https:\/\/www.ccj.ufpb.br\/santarita\/colacao-de-grau-antecipada\/","title":{"rendered":"Cola\u00e7\u00e3o de Grau Antecipada"},"content":{"rendered":"\n<p class=\" \">A cola\u00e7\u00e3o de grau antecipada permite ao discente concluir o curso antes da data prevista para a cola\u00e7\u00e3o coletiva, desde que atenda aos crit\u00e9rios do Regulamento Geral de Gradua\u00e7\u00e3o da UFPB.<\/p>\n\n\n\n<p class=\" \">Esse procedimento \u00e9 destinado a formandos do \u00faltimo per\u00edodo que obtenham aprova\u00e7\u00e3o comprovada em concurso p\u00fablico, processo seletivo de p\u00f3s-gradua\u00e7\u00e3o ou outra situa\u00e7\u00e3o espec\u00edfica que exija o diploma.<\/p>\n\n\n\n<p class=\" \">Ressalta-se que n\u00e3o \u00e9 poss\u00edvel a antecipa\u00e7\u00e3o em per\u00edodos de ENADE de Direito.<\/p>\n\n\n\n<p><strong>Diferen\u00e7a entre cola\u00e7\u00e3o de grau antecipada e cola\u00e7\u00e3o de grau individual<\/strong><\/p>\n\n\n\n<p class=\" \">Ambos os procedimentos dizem respeito \u00e0 conclus\u00e3o do curso, mas seguem caminhos distintos:<\/p>\n\n\n\n<p class=\" \"><strong>Cola\u00e7\u00e3o de grau antecipada:<\/strong>&nbsp;possibilita antecipar as avalia\u00e7\u00f5es do \u00faltimo semestre, permitindo a conclus\u00e3o do curso antes do calend\u00e1rio oficial. Ap\u00f3s o registro das notas, o discente formaliza a cola\u00e7\u00e3o conforme os tr\u00e2mites da cola\u00e7\u00e3o de grau individual.<\/p>\n\n\n\n<p class=\" \"><strong>Cola\u00e7\u00e3o de grau individual:<\/strong>&nbsp;ocorre ap\u00f3s a integraliza\u00e7\u00e3o do curso para oficializar a cola\u00e7\u00e3o em data distinta da cerim\u00f4nia coletiva. As instru\u00e7\u00f5es completas encontram-se na&nbsp;<a href=\"http:\/\/https\/\/drive.ufpb.br\/s\/MbZyjcSzNL8ScdF\" target=\"_blank\" rel=\"noreferrer noopener\">Instru\u00e7\u00e3o Normativa n\u00ba 01\/2023\/PRG\/UFPB<\/a>.<\/p>\n\n\n\n<p><strong>Solicita\u00e7\u00e3o da cola\u00e7\u00e3o de grau antecipada<\/strong><\/p>\n\n\n\n<p class=\" \">O discente interessado deve apresentar um requerimento \u00e0 Coordena\u00e7\u00e3o de Curso utilizando o formul\u00e1rio dispon\u00edvel aqui.<\/p>\n\n\n\n<p class=\" \">Juntamente com o requerimento, devem ser anexados os seguintes documentos, conforme o Art. 215 do Regulamento Geral de Gradua\u00e7\u00e3o:<\/p>\n\n\n\n<p class=\" \">&#8211; Requerimento preenchido e assinado;<\/p>\n\n\n\n<p class=\" \">&#8211; Documento comprobat\u00f3rio da justificativa (documento oficial com nomea\u00e7\u00e3o em concurso ou comprova\u00e7\u00e3o da aprova\u00e7\u00e3o em p\u00f3s-gradua\u00e7\u00e3o&nbsp;<em>stricto sensu<\/em>).<\/p>\n\n\n\n<p class=\" \">Ap\u00f3s a avalia\u00e7\u00e3o pelo Colegiado de Curso:<\/p>\n\n\n\n<p class=\" \">&#8211; Os docentes respons\u00e1veis antecipar\u00e3o as avalia\u00e7\u00f5es do discente.<\/p>\n\n\n\n<p class=\" \">&#8211; Os resultados ser\u00e3o registrados pela Chefia Departamental no hist\u00f3rico acad\u00eamico.<\/p>\n\n\n\n<p class=\" \"><em><strong>Importante<\/strong>: As normas da UFPB n\u00e3o estabelecem prazo para a realiza\u00e7\u00e3o das avalia\u00e7\u00f5es ap\u00f3s a autoriza\u00e7\u00e3o pelo Colegiado de Curso. Os docentes possuem autonomia did\u00e1tica para definir o melhor formato e as datas para os exerc\u00edcios de avalia\u00e7\u00e3o.<\/em><\/p>\n\n\n\n<p><strong>Cola\u00e7\u00e3o de grau individual (ap\u00f3s antecipa\u00e7\u00e3o)<\/strong><\/p>\n\n\n\n<p class=\" \">Com todas as notas consolidadas e com as aprova\u00e7\u00f5es obtidas, o discente dever\u00e1 seguir o procedimento de cola\u00e7\u00e3o de grau individual, conforme previsto na&nbsp;<a href=\"http:\/\/https\/\/drive.ufpb.br\/s\/MbZyjcSzNL8ScdF\" target=\"_blank\" rel=\"noreferrer noopener\">Instru\u00e7\u00e3o Normativa n\u00ba 01\/2023\/PRG\/UFPB<\/a>.<\/p>\n\n\n\n<p class=\" \">A cola\u00e7\u00e3o de grau antecipada permite antecipar as avalia\u00e7\u00f5es finais e concluir o curso antes da data definida no calend\u00e1rio oficial, e&nbsp;em data distinta da cerim\u00f4nia coletiva.<\/p>\n\n\n\n<p class=\" \">Nesse procedimento, apresenta-se \u00e0 Coordena\u00e7\u00e3o de Curso a documenta\u00e7\u00e3o pessoal exigida e a declara\u00e7\u00e3o de \u201cnada consta\u201d da biblioteca, al\u00e9m de cumprir os tr\u00e2mites para autoriza\u00e7\u00e3o e agendamento da cerim\u00f4nia pela Pr\u00f3-Reitoria de Gradua\u00e7\u00e3o (PRG).<\/p>\n\n\n\n<p class=\" \">A cerim\u00f4nia, ap\u00f3s autorizada, ocorre normalmente na Dire\u00e7\u00e3o de Centro (CCJ), embora as normas da universidade permitam sua ocorr\u00eancia no Gabinete da Reitoria ou na Pr\u00f3-Reitoria de Gradua\u00e7\u00e3o.<\/p>\n\n\n\n<hr class=\"wp-block-separator has-alpha-channel-opacity\" \/>\n\n\n\n<h3 class=\"wp-block-heading\"><strong>Trecho do Regulamento Geral de Gradua<\/strong>\u00e7\u00e3o<\/h3>\n\n\n\n<p class=\" \">Art. 215. O discente formando matriculado no \u00faltimo per\u00edodo poder\u00e1 solicitar antecipa\u00e7\u00e3o da cola\u00e7\u00e3o de Grau quando houver aprova\u00e7\u00e3o comprovada em concurso p\u00fablico ou processo de sele\u00e7\u00e3o de p\u00f3s-gradua\u00e7\u00e3o ou outra situa\u00e7\u00e3o espec\u00edfica que exija o diploma de gradua\u00e7\u00e3o.<\/p>\n\n\n\n<p class=\" \">I \u2013 Formando \u00e9 o discente que tem condi\u00e7\u00f5es para a conclus\u00e3o de seu curso no per\u00edodo atual.<br>II \u2013 A solicita\u00e7\u00e3o de antecipa\u00e7\u00e3o da Cola\u00e7\u00e3o de Grau ser\u00e1 apreciada pelo Colegiado do Curso.<br>III \u2013 Caber\u00e1 ao docente do componente curricular matriculado a antecipa\u00e7\u00e3o das avalia\u00e7\u00f5es do discente.<br>IV \u2013 Os resultados das avalia\u00e7\u00f5es ser\u00e3o registrados no hist\u00f3rico do discente pela Chefia Departamental.<br>V \u2013 N\u00e3o ser\u00e1 poss\u00edvel a antecipa\u00e7\u00e3o da cola\u00e7\u00e3o de grau em per\u00edodo de ENADE.<\/p>\n\n\n\n<p class=\" \">Art. 216. As sess\u00f5es de cola\u00e7\u00e3o de grau devem ser realizadas em dias \u00fateis e, preferencialmente, nas depend\u00eancias dos Campi, conforme per\u00edodo definido no Calend\u00e1rio Acad\u00eamico, observado o per\u00edodo do ENADE.<\/p>\n\n\n\n<p class=\" \">\u00a71\u00ba As datas das sess\u00f5es coletivas de cola\u00e7\u00e3o de grau devem ser encaminhadas pela Dire\u00e7\u00e3o de Centro \u00e0 PRG.<br>\u00a72\u00ba As sess\u00f5es individuais de cola\u00e7\u00e3o de grau podem ser realizadas fora do per\u00edodo especificado no Calend\u00e1rio Acad\u00eamico e deferidas pela PRG.<br>\u00a73\u00ba Cada curso participar\u00e1 de uma \u00fanica sess\u00e3o coletiva de cola\u00e7\u00e3o de grau por per\u00edodo letivo.<\/p>\n\n\n\n<p class=\" \">Art. 217. Os centros podem agrupar cursos em uma \u00fanica solenidade coletiva de cola\u00e7\u00e3o de grau.<\/p>\n\n\n\n<p class=\" \">Art. 218. As sess\u00f5es individuais de cola\u00e7\u00e3o de grau ser\u00e3o realizadas no Gabinete do Reitor ou na PRG ou na Dire\u00e7\u00e3o de Centro, conforme modelo de cerimonial definido em norma espec\u00edfica.<\/p>\n\n\n\n<p class=\" \">Par\u00e1grafo \u00fanico. A PRG definir\u00e1 os documentos e procedimentos exigidos para deferimento dos pedidos de cola\u00e7\u00e3o de grau antecipada sob a forma de sess\u00e3o individual, que dever\u00e1 ser realizada em at\u00e9 10 (dez) dias, a partir da data de solicita\u00e7\u00e3o.<\/p>\n","protected":false},"excerpt":{"rendered":"<p>A cola\u00e7\u00e3o de grau antecipada permite ao discente concluir o curso antes da data prevista [&hellip;]<\/p>\n","protected":false},"author":54,"featured_media":0,"parent":0,"menu_order":0,"comment_status":"closed","ping_status":"closed","template":"","meta":{"footnotes":""},"class_list":["post-344","page","type-page","status-publish","hentry"],"_links":{"self":[{"href":"https:\/\/www.ccj.ufpb.br\/santarita\/wp-json\/wp\/v2\/pages\/344","targetHints":{"allow":["GET"]}}],"collection":[{"href":"https:\/\/www.ccj.ufpb.br\/santarita\/wp-json\/wp\/v2\/pages"}],"about":[{"href":"https:\/\/www.ccj.ufpb.br\/santarita\/wp-json\/wp\/v2\/types\/page"}],"author":[{"embeddable":true,"href":"https:\/\/www.ccj.ufpb.br\/santarita\/wp-json\/wp\/v2\/users\/54"}],"replies":[{"embeddable":true,"href":"https:\/\/www.ccj.ufpb.br\/santarita\/wp-json\/wp\/v2\/comments?post=344"}],"version-history":[{"count":1,"href":"https:\/\/www.ccj.ufpb.br\/santarita\/wp-json\/wp\/v2\/pages\/344\/revisions"}],"predecessor-version":[{"id":345,"href":"https:\/\/www.ccj.ufpb.br\/santarita\/wp-json\/wp\/v2\/pages\/344\/revisions\/345"}],"wp:attachment":[{"href":"https:\/\/www.ccj.ufpb.br\/santarita\/wp-json\/wp\/v2\/media?parent=344"}],"curies":[{"name":"wp","href":"https:\/\/api.w.org\/{rel}","templated":true}]}}