{"id":896,"date":"2026-04-07T15:43:37","date_gmt":"2026-04-07T18:43:37","guid":{"rendered":"https:\/\/www.ccj.ufpb.br\/pos\/?post_type=edital&#038;p=896"},"modified":"2026-04-07T15:59:42","modified_gmt":"2026-04-07T18:59:42","slug":"edital-do-processo-seletivo-2026","status":"publish","type":"edital","link":"https:\/\/www.ccj.ufpb.br\/pos\/edital\/edital-do-processo-seletivo-2026\/","title":{"rendered":"Edital do Processo Seletivo 2026"},"content":{"rendered":"\n<p>O Programa de P\u00f3s-Gradua\u00e7\u00e3o em Ci\u00eancias Jur\u00eddicas, no uso de suas atribui\u00e7\u00f5es, publica o Edital do Processo Seletivo 2026 para os cursos de Mestrado e Doutorado. <\/p>\n\n\n<div class=\"wp-block-image\">\n<figure class=\"aligncenter size-large is-resized\"><img loading=\"lazy\" decoding=\"async\" width=\"819\" height=\"1024\" src=\"https:\/\/www.ccj.ufpb.br\/pos\/wp-content\/uploads\/sites\/106\/sites\/268\/2026\/03\/Processo-Seletivo-2026-819x1024.jpeg\" alt=\"\" class=\"wp-image-899\" style=\"aspect-ratio:0.7998108555409194;width:257px;height:auto\" srcset=\"https:\/\/www.ccj.ufpb.br\/pos\/wp-content\/uploads\/sites\/106\/sites\/268\/2026\/03\/Processo-Seletivo-2026-819x1024.jpeg 819w, https:\/\/www.ccj.ufpb.br\/pos\/wp-content\/uploads\/sites\/106\/sites\/268\/2026\/03\/Processo-Seletivo-2026-240x300.jpeg 240w, https:\/\/www.ccj.ufpb.br\/pos\/wp-content\/uploads\/sites\/106\/sites\/268\/2026\/03\/Processo-Seletivo-2026-768x960.jpeg 768w, https:\/\/www.ccj.ufpb.br\/pos\/wp-content\/uploads\/sites\/106\/sites\/268\/2026\/03\/Processo-Seletivo-2026.jpeg 1080w\" sizes=\"auto, (max-width: 819px) 100vw, 819px\" \/><\/figure>\n<\/div>\n\n\n<p><\/p>\n\n\n\n<div data-wp-interactive=\"core\/file\" class=\"wp-block-file\"><object data-wp-bind--hidden=\"!state.hasPdfPreview\" hidden class=\"wp-block-file__embed\" data=\"https:\/\/www.ccj.ufpb.br\/pos\/wp-content\/uploads\/sites\/106\/sites\/268\/2026\/03\/EDITAL-DO-PROCESSO-SELETIVO-2026-1.pdf\" type=\"application\/pdf\" style=\"width:100%;height:200px\" aria-label=\"Incorporado de EDITAL DO PROCESSO SELETIVO 2026.\"><\/object><a id=\"wp-block-file--media-ef82a864-e5ed-4e49-a926-ff683f3cb493\" href=\"https:\/\/www.ccj.ufpb.br\/pos\/wp-content\/uploads\/sites\/106\/sites\/268\/2026\/03\/EDITAL-DO-PROCESSO-SELETIVO-2026-1.pdf\">EDITAL DO PROCESSO SELETIVO 2026<\/a><a href=\"https:\/\/www.ccj.ufpb.br\/pos\/wp-content\/uploads\/sites\/106\/sites\/268\/2026\/03\/EDITAL-DO-PROCESSO-SELETIVO-2026-1.pdf\" class=\"wp-block-file__button wp-element-button\" download aria-describedby=\"wp-block-file--media-ef82a864-e5ed-4e49-a926-ff683f3cb493\">Baixar<\/a><\/div>\n\n\n\n<p>Para acessibilidade, favor acessar o link abaixo:<\/p>\n\n\n\n<p><a href=\"https:\/\/drive.google.com\/drive\/folders\/1xsjyHgiPOtfnqraBeoWBf_KnifPRXi1g\">https:\/\/drive.google.com\/drive\/folders\/1xsjyHgiPOtfnqraBeoWBf_KnifPRXi1g<\/a><\/p>\n\n\n\n<div class=\"wp-block-file\"><a id=\"wp-block-file--media-5f2a9ce9-be55-4156-8fdc-ac801d4d4a48\" href=\"https:\/\/www.ccj.ufpb.br\/pos\/wp-content\/uploads\/sites\/106\/sites\/268\/2026\/04\/Resultado_dos_pedidos_de_impugnacao_do_edital_assinado-2.pdf\">Resultado dos pedidos de impugna\u00e7\u00e3o do edital assinado <\/a><a href=\"https:\/\/www.ccj.ufpb.br\/pos\/wp-content\/uploads\/sites\/106\/sites\/268\/2026\/04\/Resultado_dos_pedidos_de_impugnacao_do_edital_assinado-2.pdf\" class=\"wp-block-file__button wp-element-button\" download aria-describedby=\"wp-block-file--media-5f2a9ce9-be55-4156-8fdc-ac801d4d4a48\">Baixar<\/a><\/div>\n\n\n\n<p><\/p>\n\n\n\n<p><\/p>\n\n\n\n<p><\/p>\n","protected":false},"excerpt":{"rendered":"<p>O Programa de P\u00f3s-Gradua\u00e7\u00e3o em Ci\u00eancias Jur\u00eddicas, no uso de suas atribui\u00e7\u00f5es, publica o Edital [&hellip;]<\/p>\n","protected":false},"featured_media":0,"template":"","meta":{"footnotes":""},"edital_type":[],"class_list":["post-896","edital","type-edital","status-publish","hentry"],"_links":{"self":[{"href":"https:\/\/www.ccj.ufpb.br\/pos\/wp-json\/wp\/v2\/edital\/896","targetHints":{"allow":["GET"]}}],"collection":[{"href":"https:\/\/www.ccj.ufpb.br\/pos\/wp-json\/wp\/v2\/edital"}],"about":[{"href":"https:\/\/www.ccj.ufpb.br\/pos\/wp-json\/wp\/v2\/types\/edital"}],"version-history":[{"count":5,"href":"https:\/\/www.ccj.ufpb.br\/pos\/wp-json\/wp\/v2\/edital\/896\/revisions"}],"predecessor-version":[{"id":951,"href":"https:\/\/www.ccj.ufpb.br\/pos\/wp-json\/wp\/v2\/edital\/896\/revisions\/951"}],"wp:attachment":[{"href":"https:\/\/www.ccj.ufpb.br\/pos\/wp-json\/wp\/v2\/media?parent=896"}],"wp:term":[{"taxonomy":"edital_type","embeddable":true,"href":"https:\/\/www.ccj.ufpb.br\/pos\/wp-json\/wp\/v2\/edital_type?post=896"}],"curies":[{"name":"wp","href":"https:\/\/api.w.org\/{rel}","templated":true}]}}